{"id":550,"date":"2021-08-30T11:06:33","date_gmt":"2021-08-30T09:06:33","guid":{"rendered":"https:\/\/clients.webkrea.be\/kiwanis\/?page_id=550"},"modified":"2021-08-30T11:10:28","modified_gmt":"2021-08-30T09:10:28","slug":"reglement-protection-des-donnees","status":"publish","type":"page","link":"https:\/\/webkrea.kiwanisbelux.site\/bruegel\/downloads\/reglement-protection-des-donnees\/","title":{"rendered":"R\u00e8glement protection des donn\u00e9es"},"content":{"rendered":"<div class=\"content\">\n<p><img loading=\"lazy\" class=\" wp-image-553 aligncenter\" src=\"https:\/\/clients.webkrea.be\/kiwanis\/wp-content\/uploads\/sites\/22\/2021\/08\/GDPR_logo2.jpg\" alt=\"\" width=\"229\" height=\"157\" \/><\/p>\n<p>Cliquez sur l&rsquo;image et remplissez le formulaire au plus vite<\/p>\n<p>Comme vous avez tous pu le constater, nous sommes actuellement confront\u00e9s \u00e0 la mise en conformit\u00e9 au nouveau r\u00e8glement europ\u00e9en concernant la protection des donn\u00e9es, qui va encore faire couler beaucoup d\u2019encre.<\/p>\n<p>M\u00eame si ledit r\u00e8glement a \u00e0 la base \u00e9t\u00e9 con\u00e7u pour prot\u00e9ger les personnes priv\u00e9es du comportement des grands groupes \u00e9conomiques et commerciaux, la formulation g\u00e9n\u00e9rale du texte a comme cons\u00e9quence que m\u00eame les associations sont contraintes de prendre des mesures appropri\u00e9es, m\u00eame si ces mesures ne sont pas toujours tr\u00e8s claires, et peuvent sembler exag\u00e9r\u00e9es par rapport au contexte.<\/p>\n<p>Dans un souci de transparence et de volont\u00e9 de mise en conformit\u00e9, il a \u00e9t\u00e9 d\u00e9cid\u00e9 au niveau de notre district, de proc\u00e9der comme suit\u00a0:<\/p>\n<ul>\n<li>Chaque membre recevra un formulaire \u00e0 remplir et \u00e0 signer, qui d\u00e9taille les informations collect\u00e9es, conserv\u00e9es, utilis\u00e9es et stock\u00e9es par le Kiwanis et la mani\u00e8re dont les informations sont trait\u00e9es (cliquez sur l&rsquo;ic\u00f4ne de la colonne de droite et remplissez le formulaire).<\/li>\n<li>Chaque membre est pri\u00e9 de remplir et de signer ledit formulaire et de le transmettre au secr\u00e9taire de son club.<\/li>\n<li>Le secr\u00e9taire du club conservera ledit document en original, et transf\u00e9rera une version <strong>scann\u00e9e du document sign\u00e9 au responsable de la base de donn\u00e9es du district<\/strong>, en la personne de <strong>Chris DECORTE <\/strong>email <strong>c@decorte.org<\/strong><\/li>\n<li><strong>Les membres qui n\u2019auront pas\u00a0<\/strong>remis leur fiche sign\u00e9e pour <strong>le 30\/09\/2018<\/strong> au plus tard figureront aussi bien dans le Directory papier que dans la base de donn\u00e9es informatique <strong>par simple mention de leurs initiales, sans autre pr\u00e9cision<\/strong>.<\/li>\n<li>Tout nouveau membre devra, au plus tard au moment de son adh\u00e9sion, remettre le formulaire sign\u00e9, en original au secr\u00e9taire de son club.<\/li>\n<\/ul>\n<p><strong>Il y a lieu de noter qu\u2019en pratique rien ne change par rapport \u00e0 la collecte, au traitement, \u00e0 l\u2019utilisation et au stockage des donn\u00e9es de par le pass\u00e9, \u00e9tant donn\u00e9 que tout \u00e9tait toujours fait dans l\u2019unique but de faire fonctionner le Kiwanis, conform\u00e9ment \u00e0 ses statuts, et donc dans le seul but d\u2019aider les enfants du monde entier.<\/strong><\/p>\n<p>Pour toute question ou suggestion n\u2019h\u00e9sitez pas de contacter <strong>Nathalie Frisch <\/strong>courriel<strong> frischnathalie@yourlaw.lu<\/strong><\/p>\n<\/div>\n","protected":false},"excerpt":{"rendered":"<p>Cliquez sur l&rsquo;image et remplissez le formulaire au plus vite Comme vous avez tous pu le constater, nous sommes actuellement confront\u00e9s \u00e0 la mise en conformit\u00e9 au nouveau r\u00e8glement europ\u00e9en [&hellip;]<\/p>\n","protected":false},"author":2,"featured_media":0,"parent":400,"menu_order":6,"comment_status":"closed","ping_status":"closed","template":"","meta":{"_et_pb_use_builder":"","_et_pb_old_content":"","_et_gb_content_width":""},"yoast_head":"<!-- This site is optimized with the Yoast SEO plugin v19.8 - https:\/\/yoast.com\/wordpress\/plugins\/seo\/ -->\n<title>R\u00e8glement protection des donn\u00e9es - Kiwanis Dilbeek Bruegel<\/title>\n<meta name=\"robots\" content=\"noindex, follow, max-snippet:-1, max-image-preview:large, max-video-preview:-1\" \/>\n<meta property=\"og:locale\" content=\"fr_FR\" \/>\n<meta property=\"og:type\" content=\"article\" \/>\n<meta property=\"og:title\" content=\"R\u00e8glement protection des donn\u00e9es - Kiwanis Dilbeek Bruegel\" \/>\n<meta property=\"og:description\" content=\"Cliquez sur l&rsquo;image et remplissez le formulaire au plus vite Comme vous avez tous pu le constater, nous sommes actuellement confront\u00e9s \u00e0 la mise en conformit\u00e9 au nouveau r\u00e8glement europ\u00e9en [&hellip;]\" \/>\n<meta property=\"og:url\" content=\"https:\/\/webkrea.kiwanisbelux.site\/bruegel\/downloads\/reglement-protection-des-donnees\/\" \/>\n<meta property=\"og:site_name\" content=\"Kiwanis Dilbeek Bruegel\" \/>\n<meta property=\"article:modified_time\" content=\"2021-08-30T09:10:28+00:00\" \/>\n<meta property=\"og:image\" content=\"https:\/\/clients.webkrea.be\/kiwanis\/wp-content\/uploads\/sites\/22\/2021\/08\/GDPR_logo2.jpg\" \/>\n<meta name=\"twitter:card\" content=\"summary_large_image\" \/>\n<meta name=\"twitter:label1\" content=\"Dur\u00e9e de lecture estim\u00e9e\" \/>\n\t<meta name=\"twitter:data1\" content=\"2 minutes\" \/>\n<script type=\"application\/ld+json\" class=\"yoast-schema-graph\">{\"@context\":\"https:\/\/schema.org\",\"@graph\":[{\"@type\":\"WebPage\",\"@id\":\"https:\/\/webkrea.kiwanisbelux.site\/bruegel\/downloads\/reglement-protection-des-donnees\/\",\"url\":\"https:\/\/webkrea.kiwanisbelux.site\/bruegel\/downloads\/reglement-protection-des-donnees\/\",\"name\":\"R\u00e8glement protection des donn\u00e9es - Kiwanis Dilbeek Bruegel\",\"isPartOf\":{\"@id\":\"https:\/\/webkrea.kiwanisbelux.site\/bruegel\/#website\"},\"datePublished\":\"2021-08-30T09:06:33+00:00\",\"dateModified\":\"2021-08-30T09:10:28+00:00\",\"breadcrumb\":{\"@id\":\"https:\/\/webkrea.kiwanisbelux.site\/bruegel\/downloads\/reglement-protection-des-donnees\/#breadcrumb\"},\"inLanguage\":\"fr-FR\",\"potentialAction\":[{\"@type\":\"ReadAction\",\"target\":[\"https:\/\/webkrea.kiwanisbelux.site\/bruegel\/downloads\/reglement-protection-des-donnees\/\"]}]},{\"@type\":\"BreadcrumbList\",\"@id\":\"https:\/\/webkrea.kiwanisbelux.site\/bruegel\/downloads\/reglement-protection-des-donnees\/#breadcrumb\",\"itemListElement\":[{\"@type\":\"ListItem\",\"position\":1,\"name\":\"Home\",\"item\":\"https:\/\/webkrea.kiwanisbelux.site\/bruegel\/\"},{\"@type\":\"ListItem\",\"position\":2,\"name\":\"Downloads\",\"item\":\"https:\/\/webkrea.kiwanisbelux.site\/bruegel\/downloads\/\"},{\"@type\":\"ListItem\",\"position\":3,\"name\":\"R\u00e8glement protection des donn\u00e9es\"}]},{\"@type\":\"WebSite\",\"@id\":\"https:\/\/webkrea.kiwanisbelux.site\/bruegel\/#website\",\"url\":\"https:\/\/webkrea.kiwanisbelux.site\/bruegel\/\",\"name\":\"Kiwanis Dilbeek Bruegel\",\"description\":\"\",\"publisher\":{\"@id\":\"https:\/\/webkrea.kiwanisbelux.site\/bruegel\/#organization\"},\"potentialAction\":[{\"@type\":\"SearchAction\",\"target\":{\"@type\":\"EntryPoint\",\"urlTemplate\":\"https:\/\/webkrea.kiwanisbelux.site\/bruegel\/?s={search_term_string}\"},\"query-input\":\"required name=search_term_string\"}],\"inLanguage\":\"fr-FR\"},{\"@type\":\"Organization\",\"@id\":\"https:\/\/webkrea.kiwanisbelux.site\/bruegel\/#organization\",\"name\":\"Kiwanis\",\"url\":\"https:\/\/webkrea.kiwanisbelux.site\/bruegel\/\",\"sameAs\":[],\"logo\":{\"@type\":\"ImageObject\",\"inLanguage\":\"fr-FR\",\"@id\":\"https:\/\/webkrea.kiwanisbelux.site\/bruegel\/#\/schema\/logo\/image\/\",\"url\":\"https:\/\/webkrea.kiwanisbelux.site\/bruegel\/wp-content\/uploads\/sites\/22\/2021\/04\/kiwanis-logo@2x.png\",\"contentUrl\":\"https:\/\/webkrea.kiwanisbelux.site\/bruegel\/wp-content\/uploads\/sites\/22\/2021\/04\/kiwanis-logo@2x.png\",\"width\":555,\"height\":100,\"caption\":\"Kiwanis\"},\"image\":{\"@id\":\"https:\/\/webkrea.kiwanisbelux.site\/bruegel\/#\/schema\/logo\/image\/\"}}]}<\/script>\n<!-- \/ Yoast SEO plugin. -->","yoast_head_json":{"title":"R\u00e8glement protection des donn\u00e9es - Kiwanis Dilbeek Bruegel","robots":{"index":"noindex","follow":"follow","max-snippet":"max-snippet:-1","max-image-preview":"max-image-preview:large","max-video-preview":"max-video-preview:-1"},"og_locale":"fr_FR","og_type":"article","og_title":"R\u00e8glement protection des donn\u00e9es - Kiwanis Dilbeek Bruegel","og_description":"Cliquez sur l&rsquo;image et remplissez le formulaire au plus vite Comme vous avez tous pu le constater, nous sommes actuellement confront\u00e9s \u00e0 la mise en conformit\u00e9 au nouveau r\u00e8glement europ\u00e9en [&hellip;]","og_url":"https:\/\/webkrea.kiwanisbelux.site\/bruegel\/downloads\/reglement-protection-des-donnees\/","og_site_name":"Kiwanis Dilbeek Bruegel","article_modified_time":"2021-08-30T09:10:28+00:00","og_image":[{"url":"https:\/\/clients.webkrea.be\/kiwanis\/wp-content\/uploads\/sites\/22\/2021\/08\/GDPR_logo2.jpg"}],"twitter_card":"summary_large_image","twitter_misc":{"Dur\u00e9e de lecture estim\u00e9e":"2 minutes"},"schema":{"@context":"https:\/\/schema.org","@graph":[{"@type":"WebPage","@id":"https:\/\/webkrea.kiwanisbelux.site\/bruegel\/downloads\/reglement-protection-des-donnees\/","url":"https:\/\/webkrea.kiwanisbelux.site\/bruegel\/downloads\/reglement-protection-des-donnees\/","name":"R\u00e8glement protection des donn\u00e9es - Kiwanis Dilbeek Bruegel","isPartOf":{"@id":"https:\/\/webkrea.kiwanisbelux.site\/bruegel\/#website"},"datePublished":"2021-08-30T09:06:33+00:00","dateModified":"2021-08-30T09:10:28+00:00","breadcrumb":{"@id":"https:\/\/webkrea.kiwanisbelux.site\/bruegel\/downloads\/reglement-protection-des-donnees\/#breadcrumb"},"inLanguage":"fr-FR","potentialAction":[{"@type":"ReadAction","target":["https:\/\/webkrea.kiwanisbelux.site\/bruegel\/downloads\/reglement-protection-des-donnees\/"]}]},{"@type":"BreadcrumbList","@id":"https:\/\/webkrea.kiwanisbelux.site\/bruegel\/downloads\/reglement-protection-des-donnees\/#breadcrumb","itemListElement":[{"@type":"ListItem","position":1,"name":"Home","item":"https:\/\/webkrea.kiwanisbelux.site\/bruegel\/"},{"@type":"ListItem","position":2,"name":"Downloads","item":"https:\/\/webkrea.kiwanisbelux.site\/bruegel\/downloads\/"},{"@type":"ListItem","position":3,"name":"R\u00e8glement protection des donn\u00e9es"}]},{"@type":"WebSite","@id":"https:\/\/webkrea.kiwanisbelux.site\/bruegel\/#website","url":"https:\/\/webkrea.kiwanisbelux.site\/bruegel\/","name":"Kiwanis Dilbeek Bruegel","description":"","publisher":{"@id":"https:\/\/webkrea.kiwanisbelux.site\/bruegel\/#organization"},"potentialAction":[{"@type":"SearchAction","target":{"@type":"EntryPoint","urlTemplate":"https:\/\/webkrea.kiwanisbelux.site\/bruegel\/?s={search_term_string}"},"query-input":"required name=search_term_string"}],"inLanguage":"fr-FR"},{"@type":"Organization","@id":"https:\/\/webkrea.kiwanisbelux.site\/bruegel\/#organization","name":"Kiwanis","url":"https:\/\/webkrea.kiwanisbelux.site\/bruegel\/","sameAs":[],"logo":{"@type":"ImageObject","inLanguage":"fr-FR","@id":"https:\/\/webkrea.kiwanisbelux.site\/bruegel\/#\/schema\/logo\/image\/","url":"https:\/\/webkrea.kiwanisbelux.site\/bruegel\/wp-content\/uploads\/sites\/22\/2021\/04\/kiwanis-logo@2x.png","contentUrl":"https:\/\/webkrea.kiwanisbelux.site\/bruegel\/wp-content\/uploads\/sites\/22\/2021\/04\/kiwanis-logo@2x.png","width":555,"height":100,"caption":"Kiwanis"},"image":{"@id":"https:\/\/webkrea.kiwanisbelux.site\/bruegel\/#\/schema\/logo\/image\/"}}]}},"_links":{"self":[{"href":"https:\/\/webkrea.kiwanisbelux.site\/bruegel\/wp-json\/wp\/v2\/pages\/550"}],"collection":[{"href":"https:\/\/webkrea.kiwanisbelux.site\/bruegel\/wp-json\/wp\/v2\/pages"}],"about":[{"href":"https:\/\/webkrea.kiwanisbelux.site\/bruegel\/wp-json\/wp\/v2\/types\/page"}],"author":[{"embeddable":true,"href":"https:\/\/webkrea.kiwanisbelux.site\/bruegel\/wp-json\/wp\/v2\/users\/2"}],"replies":[{"embeddable":true,"href":"https:\/\/webkrea.kiwanisbelux.site\/bruegel\/wp-json\/wp\/v2\/comments?post=550"}],"version-history":[{"count":4,"href":"https:\/\/webkrea.kiwanisbelux.site\/bruegel\/wp-json\/wp\/v2\/pages\/550\/revisions"}],"predecessor-version":[{"id":557,"href":"https:\/\/webkrea.kiwanisbelux.site\/bruegel\/wp-json\/wp\/v2\/pages\/550\/revisions\/557"}],"up":[{"embeddable":true,"href":"https:\/\/webkrea.kiwanisbelux.site\/bruegel\/wp-json\/wp\/v2\/pages\/400"}],"wp:attachment":[{"href":"https:\/\/webkrea.kiwanisbelux.site\/bruegel\/wp-json\/wp\/v2\/media?parent=550"}],"curies":[{"name":"wp","href":"https:\/\/api.w.org\/{rel}","templated":true}]}}