{"id":1438,"date":"2021-09-15T16:16:01","date_gmt":"2021-09-15T14:16:01","guid":{"rendered":"https:\/\/clients.webkrea.be\/kiwanis\/?page_id=1438"},"modified":"2022-07-27T14:24:57","modified_gmt":"2022-07-27T12:24:57","slug":"young-prof","status":"publish","type":"page","link":"https:\/\/webkrea.kiwanisbelux.site\/bruegel\/young-prof\/","title":{"rendered":"Young Professionals"},"content":{"rendered":"<p>[et_pb_section fb_built=\u00a0\u00bb1&Prime; admin_label=\u00a0\u00bbsection\u00a0\u00bb _builder_version=\u00a0\u00bb4.16&Prime; global_colors_info=\u00a0\u00bb{}\u00a0\u00bb][et_pb_row admin_label=\u00a0\u00bbrow\u00a0\u00bb _builder_version=\u00a0\u00bb4.16&Prime; background_size=\u00a0\u00bbinitial\u00a0\u00bb background_position=\u00a0\u00bbtop_left\u00a0\u00bb background_repeat=\u00a0\u00bbrepeat\u00a0\u00bb global_colors_info=\u00a0\u00bb{}\u00a0\u00bb][et_pb_column type=\u00a0\u00bb4_4&Prime; _builder_version=\u00a0\u00bb4.16&Prime; custom_padding=\u00a0\u00bb|||\u00a0\u00bb global_colors_info=\u00a0\u00bb{}\u00a0\u00bb custom_padding__hover=\u00a0\u00bb|||\u00a0\u00bb][et_pb_text admin_label=\u00a0\u00bbText\u00a0\u00bb _builder_version=\u00a0\u00bb4.17.6&Prime; background_size=\u00a0\u00bbinitial\u00a0\u00bb background_position=\u00a0\u00bbtop_left\u00a0\u00bb background_repeat=\u00a0\u00bbrepeat\u00a0\u00bb hover_enabled=\u00a0\u00bb0&Prime; global_colors_info=\u00a0\u00bb{}\u00a0\u00bb sticky_enabled=\u00a0\u00bb0&Prime;]<\/p>\n<h2>Les \u2018Young Professionals\u2019 ont le vent en poupe&#8230;<\/h2>\n<p>Le but final des \u2018Young Professionals\u2019 est de cr\u00e9er une plate-forme permettant \u00e0 des jeunes de s\u2019engager socialement de mani\u00e8re rapide et accessible \u00e0 tous et d\u2019appr\u00e9hender ainsi le fonctionnement du Kiwanis. Ils peuvent ainsi et tr\u00e8s jeunes (grosso modo \u00e0 partir de 20 ans) exp\u00e9rimenter les projets sociaux du Kiwanis.<\/p>\n<p><img loading=\"lazy\" class=\"alignnone size-full wp-image-1491\" src=\"https:\/\/clients.webkrea.be\/kiwanis\/wp-content\/uploads\/sites\/22\/2021\/09\/logoYP_2016.jpg\" alt=\"\" width=\"218\" height=\"101\" srcset=\"https:\/\/webkrea.kiwanisbelux.site\/bruegel\/wp-content\/uploads\/sites\/22\/2021\/09\/logoYP_2016.jpg 218w, https:\/\/webkrea.kiwanisbelux.site\/bruegel\/wp-content\/uploads\/sites\/22\/2021\/09\/logoYP_2016-200x93.jpg 200w\" sizes=\"(max-width: 218px) 100vw, 218px\" \/><\/p>\n<p>Les jeunes de tout le District Belgium-Luxembourg, aussi peu nombreux soient-ils, <strong>peuvent se joindre au mouvement chapeaut\u00e9 par l&rsquo;organisation \u2018Young Professionals Belux\u2019 (coupole).<\/p>\n<p>D\u00e8s qu&rsquo; un groupe de jeunes se sent assez solide pour voler de ses propres ailes, il peut demander \u00e0 \u00eatre officiellement chart\u00e9 et donner naissance \u00e0 un nouveau club Young Professionals. On essaie ainsi d\u2019obtenir une plus large adh\u00e9sion des jeunes au Kiwanis afin qu\u2019il y ait, peu \u00e0 peu, des jeunes Kiwaniens dans tout le District Belux.<\/p>\n<p>Ce n\u2019est qu\u2019ainsi que nous pourrons assurer l\u2019avenir du Kiwanis en projetant cet \u00e9norme flux de cr\u00e9ativit\u00e9, d\u2019id\u00e9es originales et nouvelles et d\u2019enthousiasme juv\u00e9nil dans le quotidien du Kiwanis. Une fois le club de Young Professionals officiellement chart\u00e9, il est p\u00e9vu que les membres du club restent ensemble et si la moyenne d\u2019\u00e2ge le permet (&gt;35 ans) forment par la suite un club \u00e0 part enti\u00e8re.<\/p>\n<p>Les clubs de Young Professionals sont g\u00e9n\u00e9ralement mixtes d\u00e8s le d\u00e9but, ce qui apporte un bel \u00e9quilibre et assure souvent <strong>une plus grande coh\u00e9sion dans le club<\/strong>. Le <strong>rayonnement vers l&rsquo;ext\u00e9rieur<\/strong> est \u00e9galement plus positif quand le club est mixte. Un rendu exact de la soci\u00e9t\u00e9 parle plus aux gens. Une collaboration, tous sexes confondus, m\u00e8ne toujours \u00e0 un r\u00e9sultat plus fort et plus \u00e9quilibr\u00e9.<\/p>\n<p>La prise de conscience des probl\u00e8mes sous-jacents de la soci\u00e9t\u00e9 prime chez les Young Professionals.<\/p>\n<p>De plus en plus de jeunes veulent s\u2019engager dans le domaine social et le Kiwanis doit \u00eatre en mesure de leur fournir une plate-forme, afin que les jeunes qui veulent s\u2019impliquer dans la soci\u00e9t\u00e9, sachent o\u00f9 trouver l\u2019opportunit\u00e9 id\u00e9ale. Nous devons ainsi \u00eatre capables d\u2019atteindre des jeunes qui se tournent actuellement vers les clubs JCI, L\u00e9o, Rotaract, &#8230; ou autres. Les objectifs du Kiwanis sont purement ax\u00e9s sur l\u2019aspect social et sont significatifs en termes d\u2019int\u00e9r\u00eat public.<\/p>\n<p>Pour attirer les jeunes, une superbe f\u00eate a eu lieu en d\u00e9cembre 2015 au cours de laquelle \u00a0les jeunes int\u00e9ress\u00e9s ont pu venir d\u00e9couvrir ce que sont les clubs Young Professionals et pourquoi ils suscitent autant d&rsquo;enthousiasme.<\/p>\n<p><strong>Bert Vangheluwe<\/strong><br \/>\n<a href=\"mailto:bert@dierenartsvangheluwe.be\">bert@dierenartsvangheluwe.be<\/a>[\/et_pb_text][\/et_pb_column][\/et_pb_row][\/et_pb_section]<\/p>\n","protected":false},"excerpt":{"rendered":"<p>Les \u2018Young Professionals\u2019 ont le vent en poupe&#8230; Le but final des \u2018Young Professionals\u2019 est de cr\u00e9er une plate-forme permettant \u00e0 des jeunes de s\u2019engager socialement de mani\u00e8re rapide et [&hellip;]<\/p>\n","protected":false},"author":1,"featured_media":1656,"parent":0,"menu_order":25,"comment_status":"closed","ping_status":"closed","template":"","meta":{"_et_pb_use_builder":"on","_et_pb_old_content":"<h2><strong>Les \u2018Young Professionals\u2019 ont le vent en poupe...<\/strong><\/h2>\r\n<strong>Le but final des \u2018Young Professionals\u2019 est de cr\u00e9er une plate-forme permettant \u00e0 des jeunes de s\u2019engager socialement de mani\u00e8re rapide et accessible \u00e0 tous et d\u2019appr\u00e9hender ainsi le fonctionnement du Kiwanis. Ils peuvent ainsi et tr\u00e8s jeunes (grosso modo \u00e0 partir de 20 ans) exp\u00e9rimenter les projets sociaux du Kiwanis.\r\n<\/strong>\r\n\r\n<strong><img class=\"alignnone size-full wp-image-1491\" src=\"https:\/\/clients.webkrea.be\/kiwanis\/wp-content\/uploads\/sites\/22\/2021\/09\/logoYP_2016.jpg\" alt=\"\" width=\"218\" height=\"101\" \/><\/strong>\r\n\r\nLes jeunes de tout le District Belgium-Luxembourg, aussi peu nombreux soient-ils, <strong>peuvent se joindre au mouvement chapeaut\u00e9 par l'organisation \u2018Young Professionals Belux\u2019 (coupole)<\/strong>.\r\n\r\nD\u00e8s qu' un groupe de jeunes se sent assez solide pour voler de ses propres ailes, il peut demander \u00e0 \u00eatre officiellement chart\u00e9 et donner naissance \u00e0 un nouveau club Young Professionals. On essaie ainsi d\u2019obtenir une plus large adh\u00e9sion des jeunes au Kiwanis afin qu\u2019il y ait, peu \u00e0 peu, des jeunes Kiwaniens dans tout le District Belux.\r\n\r\nCe n\u2019est qu\u2019ainsi que nous pourrons assurer l\u2019avenir du Kiwanis en projetant cet \u00e9norme flux de cr\u00e9ativit\u00e9, d\u2019id\u00e9es originales et nouvelles et d\u2019enthousiasme juv\u00e9nil dans le quotidien du Kiwanis. Une fois le club de Young Professionals officiellement chart\u00e9, il est p\u00e9vu que les membres du club restent ensemble et si la moyenne d\u2019\u00e2ge le permet (&gt;35 ans) forment par la suite un club \u00e0 part enti\u00e8re.\r\n\r\nLes clubs de Young Professionals sont g\u00e9n\u00e9ralement mixtes d\u00e8s le d\u00e9but, ce qui apporte un bel \u00e9quilibre et assure souvent <strong>une plus grande coh\u00e9sion dans le club<\/strong>. Le <strong>rayonnement vers l'ext\u00e9rieur<\/strong> est \u00e9galement plus positif quand le club est mixte. Un rendu exact de la soci\u00e9t\u00e9 parle plus aux gens. Une collaboration, tous sexes confondus, m\u00e8ne toujours \u00e0 un r\u00e9sultat plus fort et plus \u00e9quilibr\u00e9.\r\n\r\nLa prise de conscience des probl\u00e8mes sous-jacents de la soci\u00e9t\u00e9 prime chez les Young Professionals.\r\n\r\nDe plus en plus de jeunes veulent s\u2019engager dans le domaine social et le Kiwanis doit \u00eatre en mesure de leur fournir une plate-forme, afin que les jeunes qui veulent s\u2019impliquer dans la soci\u00e9t\u00e9, sachent o\u00f9 trouver l\u2019opportunit\u00e9 id\u00e9ale. Nous devons ainsi \u00eatre capables d\u2019atteindre des jeunes qui se tournent actuellement vers les clubs JCI, L\u00e9o, Rotaract, ... ou autres. Les objectifs du Kiwanis sont purement ax\u00e9s sur l\u2019aspect social et sont significatifs en termes d\u2019int\u00e9r\u00eat public.\r\n\r\nPour attirer les jeunes, une superbe f\u00eate a eu lieu en d\u00e9cembre 2015 au cours de laquelle \u00a0les jeunes int\u00e9ress\u00e9s ont pu venir d\u00e9couvrir ce que sont les clubs Young Professionals et pourquoi ils suscitent autant d'enthousiasme.\r\n\r\n<strong>Bert Vangheluwe<\/strong>\r\n<a href=\"mailto:bert@dierenartsvangheluwe.be\">bert@dierenartsvangheluwe.be<\/a>","_et_gb_content_width":""},"yoast_head":"<!-- This site is optimized with the Yoast SEO plugin v19.8 - https:\/\/yoast.com\/wordpress\/plugins\/seo\/ -->\n<title>Young Professionals - Kiwanis Dilbeek Bruegel<\/title>\n<meta name=\"robots\" content=\"noindex, follow, max-snippet:-1, max-image-preview:large, max-video-preview:-1\" \/>\n<meta property=\"og:locale\" content=\"fr_FR\" \/>\n<meta property=\"og:type\" content=\"article\" \/>\n<meta property=\"og:title\" content=\"Young Professionals - Kiwanis Dilbeek Bruegel\" \/>\n<meta property=\"og:description\" content=\"Les \u2018Young Professionals\u2019 ont le vent en poupe... Le but final des \u2018Young Professionals\u2019 est de cr\u00e9er une plate-forme permettant \u00e0 des jeunes de s\u2019engager socialement de mani\u00e8re rapide et [&hellip;]\" \/>\n<meta property=\"og:url\" content=\"https:\/\/webkrea.kiwanisbelux.site\/bruegel\/young-prof\/\" \/>\n<meta property=\"og:site_name\" content=\"Kiwanis Dilbeek Bruegel\" \/>\n<meta property=\"article:modified_time\" content=\"2022-07-27T12:24:57+00:00\" \/>\n<meta property=\"og:image\" content=\"https:\/\/webkrea.kiwanisbelux.site\/bruegel\/wp-content\/uploads\/sites\/22\/2022\/05\/13495147_1357048167645825_4051509995087490951_n.jpg\" \/>\n\t<meta property=\"og:image:width\" content=\"960\" \/>\n\t<meta property=\"og:image:height\" content=\"720\" \/>\n\t<meta property=\"og:image:type\" content=\"image\/jpeg\" \/>\n<meta name=\"twitter:card\" content=\"summary_large_image\" \/>\n<meta name=\"twitter:label1\" content=\"Dur\u00e9e de lecture estim\u00e9e\" \/>\n\t<meta name=\"twitter:data1\" content=\"3 minutes\" \/>\n<script type=\"application\/ld+json\" class=\"yoast-schema-graph\">{\"@context\":\"https:\/\/schema.org\",\"@graph\":[{\"@type\":\"WebPage\",\"@id\":\"https:\/\/webkrea.kiwanisbelux.site\/bruegel\/young-prof\/\",\"url\":\"https:\/\/webkrea.kiwanisbelux.site\/bruegel\/young-prof\/\",\"name\":\"Young Professionals - Kiwanis Dilbeek Bruegel\",\"isPartOf\":{\"@id\":\"https:\/\/webkrea.kiwanisbelux.site\/bruegel\/#website\"},\"datePublished\":\"2021-09-15T14:16:01+00:00\",\"dateModified\":\"2022-07-27T12:24:57+00:00\",\"breadcrumb\":{\"@id\":\"https:\/\/webkrea.kiwanisbelux.site\/bruegel\/young-prof\/#breadcrumb\"},\"inLanguage\":\"fr-FR\",\"potentialAction\":[{\"@type\":\"ReadAction\",\"target\":[\"https:\/\/webkrea.kiwanisbelux.site\/bruegel\/young-prof\/\"]}]},{\"@type\":\"BreadcrumbList\",\"@id\":\"https:\/\/webkrea.kiwanisbelux.site\/bruegel\/young-prof\/#breadcrumb\",\"itemListElement\":[{\"@type\":\"ListItem\",\"position\":1,\"name\":\"Home\",\"item\":\"https:\/\/webkrea.kiwanisbelux.site\/bruegel\/\"},{\"@type\":\"ListItem\",\"position\":2,\"name\":\"Young Professionals\"}]},{\"@type\":\"WebSite\",\"@id\":\"https:\/\/webkrea.kiwanisbelux.site\/bruegel\/#website\",\"url\":\"https:\/\/webkrea.kiwanisbelux.site\/bruegel\/\",\"name\":\"Kiwanis Dilbeek Bruegel\",\"description\":\"\",\"publisher\":{\"@id\":\"https:\/\/webkrea.kiwanisbelux.site\/bruegel\/#organization\"},\"potentialAction\":[{\"@type\":\"SearchAction\",\"target\":{\"@type\":\"EntryPoint\",\"urlTemplate\":\"https:\/\/webkrea.kiwanisbelux.site\/bruegel\/?s={search_term_string}\"},\"query-input\":\"required name=search_term_string\"}],\"inLanguage\":\"fr-FR\"},{\"@type\":\"Organization\",\"@id\":\"https:\/\/webkrea.kiwanisbelux.site\/bruegel\/#organization\",\"name\":\"Kiwanis\",\"url\":\"https:\/\/webkrea.kiwanisbelux.site\/bruegel\/\",\"sameAs\":[],\"logo\":{\"@type\":\"ImageObject\",\"inLanguage\":\"fr-FR\",\"@id\":\"https:\/\/webkrea.kiwanisbelux.site\/bruegel\/#\/schema\/logo\/image\/\",\"url\":\"https:\/\/webkrea.kiwanisbelux.site\/bruegel\/wp-content\/uploads\/sites\/22\/2021\/04\/kiwanis-logo@2x.png\",\"contentUrl\":\"https:\/\/webkrea.kiwanisbelux.site\/bruegel\/wp-content\/uploads\/sites\/22\/2021\/04\/kiwanis-logo@2x.png\",\"width\":555,\"height\":100,\"caption\":\"Kiwanis\"},\"image\":{\"@id\":\"https:\/\/webkrea.kiwanisbelux.site\/bruegel\/#\/schema\/logo\/image\/\"}}]}<\/script>\n<!-- \/ Yoast SEO plugin. -->","yoast_head_json":{"title":"Young Professionals - Kiwanis Dilbeek Bruegel","robots":{"index":"noindex","follow":"follow","max-snippet":"max-snippet:-1","max-image-preview":"max-image-preview:large","max-video-preview":"max-video-preview:-1"},"og_locale":"fr_FR","og_type":"article","og_title":"Young Professionals - Kiwanis Dilbeek Bruegel","og_description":"Les \u2018Young Professionals\u2019 ont le vent en poupe... Le but final des \u2018Young Professionals\u2019 est de cr\u00e9er une plate-forme permettant \u00e0 des jeunes de s\u2019engager socialement de mani\u00e8re rapide et [&hellip;]","og_url":"https:\/\/webkrea.kiwanisbelux.site\/bruegel\/young-prof\/","og_site_name":"Kiwanis Dilbeek Bruegel","article_modified_time":"2022-07-27T12:24:57+00:00","og_image":[{"width":960,"height":720,"url":"https:\/\/webkrea.kiwanisbelux.site\/bruegel\/wp-content\/uploads\/sites\/22\/2022\/05\/13495147_1357048167645825_4051509995087490951_n.jpg","type":"image\/jpeg"}],"twitter_card":"summary_large_image","twitter_misc":{"Dur\u00e9e de lecture estim\u00e9e":"3 minutes"},"schema":{"@context":"https:\/\/schema.org","@graph":[{"@type":"WebPage","@id":"https:\/\/webkrea.kiwanisbelux.site\/bruegel\/young-prof\/","url":"https:\/\/webkrea.kiwanisbelux.site\/bruegel\/young-prof\/","name":"Young Professionals - Kiwanis Dilbeek Bruegel","isPartOf":{"@id":"https:\/\/webkrea.kiwanisbelux.site\/bruegel\/#website"},"datePublished":"2021-09-15T14:16:01+00:00","dateModified":"2022-07-27T12:24:57+00:00","breadcrumb":{"@id":"https:\/\/webkrea.kiwanisbelux.site\/bruegel\/young-prof\/#breadcrumb"},"inLanguage":"fr-FR","potentialAction":[{"@type":"ReadAction","target":["https:\/\/webkrea.kiwanisbelux.site\/bruegel\/young-prof\/"]}]},{"@type":"BreadcrumbList","@id":"https:\/\/webkrea.kiwanisbelux.site\/bruegel\/young-prof\/#breadcrumb","itemListElement":[{"@type":"ListItem","position":1,"name":"Home","item":"https:\/\/webkrea.kiwanisbelux.site\/bruegel\/"},{"@type":"ListItem","position":2,"name":"Young Professionals"}]},{"@type":"WebSite","@id":"https:\/\/webkrea.kiwanisbelux.site\/bruegel\/#website","url":"https:\/\/webkrea.kiwanisbelux.site\/bruegel\/","name":"Kiwanis Dilbeek Bruegel","description":"","publisher":{"@id":"https:\/\/webkrea.kiwanisbelux.site\/bruegel\/#organization"},"potentialAction":[{"@type":"SearchAction","target":{"@type":"EntryPoint","urlTemplate":"https:\/\/webkrea.kiwanisbelux.site\/bruegel\/?s={search_term_string}"},"query-input":"required name=search_term_string"}],"inLanguage":"fr-FR"},{"@type":"Organization","@id":"https:\/\/webkrea.kiwanisbelux.site\/bruegel\/#organization","name":"Kiwanis","url":"https:\/\/webkrea.kiwanisbelux.site\/bruegel\/","sameAs":[],"logo":{"@type":"ImageObject","inLanguage":"fr-FR","@id":"https:\/\/webkrea.kiwanisbelux.site\/bruegel\/#\/schema\/logo\/image\/","url":"https:\/\/webkrea.kiwanisbelux.site\/bruegel\/wp-content\/uploads\/sites\/22\/2021\/04\/kiwanis-logo@2x.png","contentUrl":"https:\/\/webkrea.kiwanisbelux.site\/bruegel\/wp-content\/uploads\/sites\/22\/2021\/04\/kiwanis-logo@2x.png","width":555,"height":100,"caption":"Kiwanis"},"image":{"@id":"https:\/\/webkrea.kiwanisbelux.site\/bruegel\/#\/schema\/logo\/image\/"}}]}},"_links":{"self":[{"href":"https:\/\/webkrea.kiwanisbelux.site\/bruegel\/wp-json\/wp\/v2\/pages\/1438"}],"collection":[{"href":"https:\/\/webkrea.kiwanisbelux.site\/bruegel\/wp-json\/wp\/v2\/pages"}],"about":[{"href":"https:\/\/webkrea.kiwanisbelux.site\/bruegel\/wp-json\/wp\/v2\/types\/page"}],"author":[{"embeddable":true,"href":"https:\/\/webkrea.kiwanisbelux.site\/bruegel\/wp-json\/wp\/v2\/users\/1"}],"replies":[{"embeddable":true,"href":"https:\/\/webkrea.kiwanisbelux.site\/bruegel\/wp-json\/wp\/v2\/comments?post=1438"}],"version-history":[{"count":5,"href":"https:\/\/webkrea.kiwanisbelux.site\/bruegel\/wp-json\/wp\/v2\/pages\/1438\/revisions"}],"predecessor-version":[{"id":1850,"href":"https:\/\/webkrea.kiwanisbelux.site\/bruegel\/wp-json\/wp\/v2\/pages\/1438\/revisions\/1850"}],"wp:featuredmedia":[{"embeddable":true,"href":"https:\/\/webkrea.kiwanisbelux.site\/bruegel\/wp-json\/wp\/v2\/media\/1656"}],"wp:attachment":[{"href":"https:\/\/webkrea.kiwanisbelux.site\/bruegel\/wp-json\/wp\/v2\/media?parent=1438"}],"curies":[{"name":"wp","href":"https:\/\/api.w.org\/{rel}","templated":true}]}}